{"id":1536,"date":"2024-01-30T14:22:47","date_gmt":"2024-01-30T14:22:47","guid":{"rendered":"https:\/\/alcaidesa.property\/alquile-su-propiedad\/"},"modified":"2024-08-06T01:39:21","modified_gmt":"2024-08-06T01:39:21","slug":"alquile-su-propiedad","status":"publish","type":"page","link":"https:\/\/alcaidesa.property\/es\/alquile-su-propiedad\/","title":{"rendered":"Alquile su propiedad"},"content":{"rendered":"<p>[et_pb_section fb_built=\u00bb1&#8243; module_class=\u00bbmde-vertical-align\u00bb _builder_version=\u00bb4.24.0&#8243; _module_preset=\u00bbdefault\u00bb use_background_color_gradient=\u00bbon\u00bb background_color_gradient_stops=\u00bbrgba(18,132,209,0.8) 0%|rgba(18,132,209,0.4) 100%\u00bb background_image=\u00bbhttps:\/\/alcaidesa.property\/wp-content\/uploads\/2024\/01\/frames-for-your-heart-2d4lAQAlbDA-unsplash.jpg\u00bb background_enable_image=\u00bbon\u00bb min_height=\u00bb435px\u00bb custom_margin=\u00bb-155px||||false|false\u00bb custom_padding=\u00bb220px||||false|false\u00bb global_colors_info=\u00bb{}\u00bb][et_pb_row _builder_version=\u00bb4.23.1&#8243; _module_preset=\u00bbdefault\u00bb custom_padding=\u00bb0px||||false|false\u00bb global_colors_info=\u00bb{}\u00bb][et_pb_column type=\u00bb4_4&#8243; _builder_version=\u00bb4.23.1&#8243; _module_preset=\u00bbdefault\u00bb global_colors_info=\u00bb{}\u00bb][et_pb_text _builder_version=\u00bb4.24.0&#8243; _module_preset=\u00bbdefault\u00bb text_font=\u00bbOpen Sans||||||||\u00bb text_font_size=\u00bb18px\u00bb header_text_align=\u00bbcenter\u00bb header_font_size=\u00bb50px\u00bb header_2_text_align=\u00bbcenter\u00bb header_2_text_color=\u00bb#FFFFFF\u00bb header_2_font_size=\u00bb30px\u00bb header_2_line_height=\u00bb1.6em\u00bb header_3_font=\u00bb|||on|||||\u00bb header_3_text_align=\u00bbcenter\u00bb header_3_text_color=\u00bb#007EC7&#8243; header_3_font_size=\u00bb26px\u00bb header_3_line_height=\u00bb1.6em\u00bb text_orientation=\u00bbjustified\u00bb background_layout=\u00bbdark\u00bb custom_padding=\u00bb||0px|||\u00bb locked=\u00bboff\u00bb global_colors_info=\u00bb{}\u00bb]<\/p>\n<h1>Libere el potencial de alquiler de su propiedad con nosotros<\/h1>\n<p>[\/et_pb_text][\/et_pb_column][\/et_pb_row][\/et_pb_section][et_pb_section fb_built=\u00bb1&#8243; _builder_version=\u00bb4.24.0&#8243; _module_preset=\u00bbdefault\u00bb locked=\u00bboff\u00bb global_colors_info=\u00bb{}\u00bb][et_pb_row _builder_version=\u00bb4.24.0&#8243; _module_preset=\u00bbdefault\u00bb global_colors_info=\u00bb{}\u00bb][et_pb_column type=\u00bb4_4&#8243; _builder_version=\u00bb4.24.0&#8243; _module_preset=\u00bbdefault\u00bb global_colors_info=\u00bb{}\u00bb][et_pb_text _builder_version=\u00bb4.24.0&#8243; _module_preset=\u00bbdefault\u00bb text_font=\u00bbOpen Sans||||||||\u00bb text_font_size=\u00bb18px\u00bb header_2_font=\u00bb|700||on|||||\u00bb header_2_text_color=\u00bb#095182&#8243; header_2_font_size=\u00bb36px\u00bb header_3_font=\u00bb|||on|||||\u00bb header_3_text_color=\u00bb#878D91&#8243; header_3_font_size=\u00bb26px\u00bb header_3_line_height=\u00bb1.6em\u00bb text_orientation=\u00bbcenter\u00bb custom_padding=\u00bb||||false|false\u00bb global_colors_info=\u00bb{}\u00bb]Descubra una forma sencilla de alquilar su vivienda con Alcaidesa Property. Experimente algo m\u00e1s que un simple alquiler &#8211; Alcaidesa Property proporciona un espectro completo de servicios, asegurando que su propiedad est\u00e1 en buenas manos. Desde la b\u00fasqueda de inquilinos hasta la bienvenida personalizada a los hu\u00e9spedes, nos encargamos de todo.[\/et_pb_text][\/et_pb_column][\/et_pb_row][et_pb_row _builder_version=\u00bb4.23.1&#8243; _module_preset=\u00bbdefault\u00bb custom_padding=\u00bb||0px||false|false\u00bb global_colors_info=\u00bb{}\u00bb][et_pb_column type=\u00bb4_4&#8243; _builder_version=\u00bb4.23.1&#8243; _module_preset=\u00bbdefault\u00bb global_colors_info=\u00bb{}\u00bb][et_pb_text _builder_version=\u00bb4.23.1&#8243; _module_preset=\u00bbdefault\u00bb text_font=\u00bbOpen Sans||||||||\u00bb text_font_size=\u00bb18px\u00bb header_2_font=\u00bb|700||on|||||\u00bb header_2_text_color=\u00bb#095182&#8243; header_2_font_size=\u00bb36px\u00bb header_3_font=\u00bb|||on|||||\u00bb header_3_text_color=\u00bb#878D91&#8243; header_3_font_size=\u00bb26px\u00bb header_3_line_height=\u00bb1.6em\u00bb text_orientation=\u00bbcenter\u00bb custom_padding=\u00bb||||false|false\u00bb global_colors_info=\u00bb{}\u00bb]<\/p>\n<h2>\u00bfPor qu\u00e9 elegir Alcaidesa Property?<\/h2>\n<p>[\/et_pb_text][\/et_pb_column][\/et_pb_row][et_pb_row column_structure=\u00bb1_2,1_2&#8243; _builder_version=\u00bb4.23.1&#8243; _module_preset=\u00bbdefault\u00bb global_colors_info=\u00bb{}\u00bb][et_pb_column type=\u00bb1_2&#8243; _builder_version=\u00bb4.23.1&#8243; _module_preset=\u00bbdefault\u00bb global_colors_info=\u00bb{}\u00bb][et_pb_blurb title=\u00bbExperiencia y conocimientos inigualables del mercado\u00bb use_icon=\u00bbon\u00bb font_icon=\u00bb&#xf02e;||fa||900&#8243; image_icon_background_color=\u00bbRGBA(255,255,255,0)\u00bb icon_placement=\u00bbleft\u00bb _builder_version=\u00bb4.23.1&#8243; _module_preset=\u00bbdefault\u00bb header_level=\u00bbh3&#8243; header_text_align=\u00bbleft\u00bb header_text_color=\u00bb#007EC7&#8243; header_font_size=\u00bb28px\u00bb body_font=\u00bb||||||||\u00bb body_text_align=\u00bbjustify\u00bb body_line_height=\u00bb1.4em\u00bb image_icon_custom_margin=\u00bb|15px|||false|false\u00bb text_orientation=\u00bbcenter\u00bb global_colors_info=\u00bb{}\u00bb]Benef\u00edciese de 20 a\u00f1os de experiencia inigualable en el mercado de Alcaidesa, posicion\u00e1ndonos como la agencia de referencia para el alquiler y la gesti\u00f3n de propiedades en la zona.[\/et_pb_blurb][\/et_pb_column][et_pb_column type=\u00bb1_2&#8243; _builder_version=\u00bb4.23.1&#8243; _module_preset=\u00bbdefault\u00bb global_colors_info=\u00bb{}\u00bb][et_pb_blurb title=\u00bbMarketing profesional y tecnolog\u00eda\u00bb use_icon=\u00bbon\u00bb font_icon=\u00bb&#xf5a2;||fa||900&#8243; image_icon_background_color=\u00bbRGBA(255,255,255,0)\u00bb icon_placement=\u00bbleft\u00bb _builder_version=\u00bb4.23.1&#8243; _module_preset=\u00bbdefault\u00bb header_level=\u00bbh3&#8243; header_text_align=\u00bbleft\u00bb header_text_color=\u00bb#007EC7&#8243; header_font_size=\u00bb28px\u00bb body_font=\u00bb||||||||\u00bb body_text_align=\u00bbjustify\u00bb body_line_height=\u00bb1.4em\u00bb image_icon_custom_margin=\u00bb|15px|||false|false\u00bb text_orientation=\u00bbcenter\u00bb global_colors_info=\u00bb{}\u00bb]Disfrute de una presentaci\u00f3n, promoci\u00f3n y comercializaci\u00f3n coherentes y profesionales para su propiedad. Empleamos estrategias y tecnolog\u00eda de marketing avanzadas, adaptando nuestras actividades promocionales para maximizar la exposici\u00f3n de su propiedad a trav\u00e9s de las redes sociales, la publicidad digital o los canales tradicionales.[\/et_pb_blurb][\/et_pb_column][\/et_pb_row][et_pb_row column_structure=\u00bb1_2,1_2&#8243; _builder_version=\u00bb4.23.1&#8243; _module_preset=\u00bbdefault\u00bb global_colors_info=\u00bb{}\u00bb][et_pb_column type=\u00bb1_2&#8243; _builder_version=\u00bb4.23.1&#8243; _module_preset=\u00bbdefault\u00bb global_colors_info=\u00bb{}\u00bb][et_pb_blurb title=\u00bbAmplia red\u00bb use_icon=\u00bbon\u00bb font_icon=\u00bb&#xf542;||fa||900&#8243; image_icon_background_color=\u00bbRGBA(255,255,255,0)\u00bb icon_placement=\u00bbleft\u00bb _builder_version=\u00bb4.23.1&#8243; _module_preset=\u00bbdefault\u00bb header_level=\u00bbh3&#8243; header_text_align=\u00bbleft\u00bb header_text_color=\u00bb#007EC7&#8243; header_font_size=\u00bb28px\u00bb body_font=\u00bb||||||||\u00bb body_text_align=\u00bbjustify\u00bb body_line_height=\u00bb1.4em\u00bb image_icon_custom_margin=\u00bb|15px|||false|false\u00bb text_orientation=\u00bbcenter\u00bb global_colors_info=\u00bb{}\u00bb]Rompiendo las barreras ling\u00fc\u00edsticas, nuestro equipo se comunica con fluidez en muchos de los principales idiomas. Con nuestra presencia online y una extensa red de agentes inmobiliarios, hemos establecido un alcance global que da la bienvenida a potenciales inquilinos de todos los rincones del mundo.[\/et_pb_blurb][\/et_pb_column][et_pb_column type=\u00bb1_2&#8243; _builder_version=\u00bb4.23.1&#8243; _module_preset=\u00bbdefault\u00bb global_colors_info=\u00bb{}\u00bb][et_pb_blurb title=\u00bbExcelencia en todos los servicios\u00bb use_icon=\u00bbon\u00bb font_icon=\u00bb&#xf362;||fa||900&#8243; image_icon_background_color=\u00bbRGBA(255,255,255,0)\u00bb icon_placement=\u00bbleft\u00bb _builder_version=\u00bb4.23.1&#8243; _module_preset=\u00bbdefault\u00bb header_level=\u00bbh3&#8243; header_text_align=\u00bbleft\u00bb header_text_color=\u00bb#007EC7&#8243; header_font_size=\u00bb28px\u00bb body_font=\u00bb||||||||\u00bb body_text_align=\u00bbjustify\u00bb body_line_height=\u00bb1.4em\u00bb image_icon_custom_margin=\u00bb|15px|||false|false\u00bb text_orientation=\u00bbcenter\u00bb global_colors_info=\u00bb{}\u00bb]Nuestra reputaci\u00f3n se basa en el conocimiento experto local y del producto, lo que nos distingue en el panorama inmobiliario de Alcaidesa. Nuestro experimentado equipo le ofrece una perspectiva inestimable, gui\u00e1ndole a trav\u00e9s del intrincado proceso de alquilar y gestionar su residencia con confianza en cada paso. [\/et_pb_blurb][\/et_pb_column][\/et_pb_row][et_pb_row column_structure=\u00bb1_2,1_2&#8243; _builder_version=\u00bb4.23.1&#8243; _module_preset=\u00bbdefault\u00bb global_colors_info=\u00bb{}\u00bb][et_pb_column type=\u00bb1_2&#8243; _builder_version=\u00bb4.23.1&#8243; _module_preset=\u00bbdefault\u00bb global_colors_info=\u00bb{}\u00bb][et_pb_blurb title=\u00bbComentarios y comunicaciones inmediatas\u00bb use_icon=\u00bbon\u00bb font_icon=\u00bb&#xf590;||fa||900&#8243; image_icon_background_color=\u00bbRGBA(255,255,255,0)\u00bb icon_placement=\u00bbleft\u00bb _builder_version=\u00bb4.23.1&#8243; _module_preset=\u00bbdefault\u00bb header_level=\u00bbh3&#8243; header_text_align=\u00bbleft\u00bb header_text_color=\u00bb#007EC7&#8243; header_font_size=\u00bb28px\u00bb body_font=\u00bb||||||||\u00bb body_text_align=\u00bbjustify\u00bb body_line_height=\u00bb1.4em\u00bb image_icon_custom_margin=\u00bb|15px|||false|false\u00bb text_orientation=\u00bbcenter\u00bb global_colors_info=\u00bb{}\u00bb]Disfrute de una comunicaci\u00f3n r\u00e1pida sobre las solicitudes de reserva y las reservas, manteni\u00e9ndole informado en todo momento.[\/et_pb_blurb][\/et_pb_column][et_pb_column type=\u00bb1_2&#8243; _builder_version=\u00bb4.23.1&#8243; _module_preset=\u00bbdefault\u00bb global_colors_info=\u00bb{}\u00bb][et_pb_blurb title=\u00bbUbicaci\u00f3n estrat\u00e9gica y c\u00e9ntrica\u00bb use_icon=\u00bbon\u00bb font_icon=\u00bb&#xf1ad;||fa||900&#8243; image_icon_background_color=\u00bbRGBA(255,255,255,0)\u00bb icon_placement=\u00bbleft\u00bb _builder_version=\u00bb4.23.1&#8243; _module_preset=\u00bbdefault\u00bb header_level=\u00bbh3&#8243; header_text_align=\u00bbleft\u00bb header_text_color=\u00bb#007EC7&#8243; header_font_size=\u00bb28px\u00bb body_font=\u00bb||||||||\u00bb body_text_align=\u00bbjustify\u00bb body_line_height=\u00bb1.4em\u00bb image_icon_custom_margin=\u00bb|15px|||false|false\u00bb text_orientation=\u00bbcenter\u00bb global_colors_info=\u00bb{}\u00bb]La ubicaci\u00f3n es clave, sobre todo cuando se trata de nuestra oficina. La comodidad se une a la estrategia en nuestra c\u00e9ntrica oficina, situada en el coraz\u00f3n de Alcaidesa, en el centro comercial Acqua, de f\u00e1cil acceso y con aparcamiento.[\/et_pb_blurb][\/et_pb_column][\/et_pb_row][et_pb_row column_structure=\u00bb1_2,1_2&#8243; _builder_version=\u00bb4.23.1&#8243; _module_preset=\u00bbdefault\u00bb global_colors_info=\u00bb{}\u00bb][et_pb_column type=\u00bb1_2&#8243; _builder_version=\u00bb4.23.1&#8243; _module_preset=\u00bbdefault\u00bb global_colors_info=\u00bb{}\u00bb][et_pb_blurb title=\u00bbResponsabilidad social y compromiso con la comunidad\u00bb use_icon=\u00bbon\u00bb font_icon=\u00bb&#xf4c4;||fa||900&#8243; image_icon_background_color=\u00bbRGBA(255,255,255,0)\u00bb icon_placement=\u00bbleft\u00bb _builder_version=\u00bb4.23.1&#8243; _module_preset=\u00bbdefault\u00bb header_level=\u00bbh3&#8243; header_text_align=\u00bbleft\u00bb header_text_color=\u00bb#007EC7&#8243; header_font_size=\u00bb28px\u00bb body_font=\u00bb||||||||\u00bb body_text_align=\u00bbjustify\u00bb body_line_height=\u00bb1.4em\u00bb image_icon_custom_margin=\u00bb|15px|||false|false\u00bb text_orientation=\u00bbcenter\u00bb global_colors_info=\u00bb{}\u00bb]Alcaidesa Property se compromete a tener un impacto positivo m\u00e1s all\u00e1 de las transacciones inmobiliarias. Mantenemos pr\u00e1cticas sostenibles y participamos en iniciativas que benefician a la comunidad local y al medio ambiente.[\/et_pb_blurb][\/et_pb_column][et_pb_column type=\u00bb1_2&#8243; _builder_version=\u00bb4.23.1&#8243; _module_preset=\u00bbdefault\u00bb global_colors_info=\u00bb{}\u00bb][\/et_pb_column][\/et_pb_row][\/et_pb_section][et_pb_section fb_built=\u00bb1&#8243; _builder_version=\u00bb4.23.1&#8243; _module_preset=\u00bbdefault\u00bb background_color=\u00bb#efefef\u00bb global_colors_info=\u00bb{}\u00bb][et_pb_row _builder_version=\u00bb4.23.1&#8243; _module_preset=\u00bbdefault\u00bb global_colors_info=\u00bb{}\u00bb][et_pb_column type=\u00bb4_4&#8243; _builder_version=\u00bb4.23.1&#8243; _module_preset=\u00bbdefault\u00bb global_colors_info=\u00bb{}\u00bb][et_pb_text _builder_version=\u00bb4.27.0&#8243; _module_preset=\u00bbdefault\u00bb text_font=\u00bbOpen Sans||||||||\u00bb text_font_size=\u00bb18px\u00bb header_2_font=\u00bb|700||on|||||\u00bb header_2_text_color=\u00bb#095182&#8243; header_2_font_size=\u00bb36px\u00bb header_3_font=\u00bb|||on|||||\u00bb header_3_text_color=\u00bb#878D91&#8243; header_3_font_size=\u00bb26px\u00bb header_3_line_height=\u00bb1.6em\u00bb text_orientation=\u00bbcenter\u00bb custom_padding=\u00bb||||false|false\u00bb hover_enabled=\u00bb0&#8243; global_colors_info=\u00bb{}\u00bb sticky_enabled=\u00bb0&#8243;]<\/p>\n<h2>\u00bfListo para liberar el potencial de alquiler de su propiedad?<\/h2>\n<p>P\u00f3ngase en contacto con nosotros Si tienes preguntas o est\u00e1s listo para comenzar tu viaje de alquiler, rellena el formulario que aparece a continuaci\u00f3n o ll\u00e1manos al +23 609 483 109. Alcaidesa Property es su socio para convertir su propiedad en un valioso activo de alquiler. Hag\u00e1moslo juntos.<\/p>\n<p>[\/et_pb_text][\/et_pb_column][\/et_pb_row][\/et_pb_section]<\/p>\n","protected":false},"excerpt":{"rendered":"<p>Libere el potencial de alquiler de su propiedad con nosotrosDescubra una forma sencilla de alquilar su vivienda con Alcaidesa Property. Experimente algo m\u00e1s que un simple alquiler &#8211; Alcaidesa Property proporciona un espectro completo de servicios, asegurando que su propiedad est\u00e1 en buenas manos. Desde la b\u00fasqueda de inquilinos hasta la bienvenida personalizada a los [&hellip;]<\/p>\n","protected":false},"author":1,"featured_media":896,"parent":0,"menu_order":0,"comment_status":"closed","ping_status":"closed","template":"","meta":{"_et_pb_use_builder":"on","_et_pb_old_content":"","_et_gb_content_width":"","_joinchat":[],"footnotes":""},"class_list":["post-1536","page","type-page","status-publish","has-post-thumbnail","hentry"],"_links":{"self":[{"href":"https:\/\/alcaidesa.property\/es\/wp-json\/wp\/v2\/pages\/1536","targetHints":{"allow":["GET"]}}],"collection":[{"href":"https:\/\/alcaidesa.property\/es\/wp-json\/wp\/v2\/pages"}],"about":[{"href":"https:\/\/alcaidesa.property\/es\/wp-json\/wp\/v2\/types\/page"}],"author":[{"embeddable":true,"href":"https:\/\/alcaidesa.property\/es\/wp-json\/wp\/v2\/users\/1"}],"replies":[{"embeddable":true,"href":"https:\/\/alcaidesa.property\/es\/wp-json\/wp\/v2\/comments?post=1536"}],"version-history":[{"count":23,"href":"https:\/\/alcaidesa.property\/es\/wp-json\/wp\/v2\/pages\/1536\/revisions"}],"predecessor-version":[{"id":2695,"href":"https:\/\/alcaidesa.property\/es\/wp-json\/wp\/v2\/pages\/1536\/revisions\/2695"}],"wp:featuredmedia":[{"embeddable":true,"href":"https:\/\/alcaidesa.property\/es\/wp-json\/wp\/v2\/media\/896"}],"wp:attachment":[{"href":"https:\/\/alcaidesa.property\/es\/wp-json\/wp\/v2\/media?parent=1536"}],"curies":[{"name":"wp","href":"https:\/\/api.w.org\/{rel}","templated":true}]}}